{"id":2,"date":"2025-07-23T22:36:38","date_gmt":"2025-07-23T22:36:38","guid":{"rendered":"https:\/\/asapalavra.com.br\/ed42\/?page_id=2"},"modified":"2025-11-03T11:31:22","modified_gmt":"2025-11-03T11:31:22","slug":"sample-page","status":"publish","type":"page","link":"https:\/\/asapalavra.com.br\/ed42\/","title":{"rendered":"Home"},"content":{"rendered":"\t\t<div data-elementor-type=\"wp-page\" data-elementor-id=\"2\" class=\"elementor elementor-2\" data-elementor-post-type=\"page\">\n\t\t\t\t<div class=\"elementor-element elementor-element-a355845 e-flex e-con-boxed e-con e-parent\" data-id=\"a355845\" data-element_type=\"container\" data-e-type=\"container\" data-settings=\"{&quot;background_background&quot;:&quot;classic&quot;}\">\n\t\t\t\t\t<div class=\"e-con-inner\">\n\t\t<div class=\"elementor-element elementor-element-49ae9dd e-con-full e-flex e-con e-child\" data-id=\"49ae9dd\" data-element_type=\"container\" data-e-type=\"container\">\n\t\t\t\t<div class=\"elementor-element elementor-element-cc8e958 elementor-widget-mobile__width-initial elementor-widget elementor-widget-image\" data-id=\"cc8e958\" data-element_type=\"widget\" data-e-type=\"widget\" data-widget_type=\"image.default\">\n\t\t\t\t\t\t\t\t\t\t\t\t\t\t\t<img fetchpriority=\"high\" decoding=\"async\" width=\"773\" height=\"1024\" src=\"https:\/\/asapalavra.com.br\/ed42\/wp-content\/uploads\/2025\/07\/Capa-773x1024.png\" class=\"attachment-large size-large wp-image-128\" alt=\"Asa Palavra ED 42\" srcset=\"https:\/\/asapalavra.com.br\/ed42\/wp-content\/uploads\/2025\/07\/Capa-773x1024.png 773w, https:\/\/asapalavra.com.br\/ed42\/wp-content\/uploads\/2025\/07\/Capa-226x300.png 226w, https:\/\/asapalavra.com.br\/ed42\/wp-content\/uploads\/2025\/07\/Capa-768x1017.png 768w, https:\/\/asapalavra.com.br\/ed42\/wp-content\/uploads\/2025\/07\/Capa.png 801w\" sizes=\"(max-width: 773px) 100vw, 773px\" \/>\t\t\t\t\t\t\t\t\t\t\t\t\t\t\t<\/div>\n\t\t\t\t<\/div>\n\t\t<div class=\"elementor-element elementor-element-10abaff e-con-full e-flex e-con e-child\" data-id=\"10abaff\" data-element_type=\"container\" data-e-type=\"container\">\n\t\t\t\t<div class=\"elementor-element elementor-element-1e61ce9 elementor-blockquote--skin-quotation elementor-widget-mobile__width-initial elementor-widget elementor-widget-blockquote\" data-id=\"1e61ce9\" data-element_type=\"widget\" data-e-type=\"widget\" data-widget_type=\"blockquote.default\">\n\t\t\t\t\t\t\t<blockquote class=\"elementor-blockquote\">\n\t\t\t<p class=\"elementor-blockquote__content\">\n\t\t\t\tGuerras que parecem sem sentido, d\u00favidas infundadas sobre o conhecimento cient\u00edfico, situa\u00e7\u00f5es\u00a0cotidianas que parecem escapar \u00e0 normalidade...\t\t\t<\/p>\n\t\t\t\t\t\t\t<div class=\"e-q-footer\">\n\t\t\t\t\t\t\t\t\t\t\t<cite class=\"elementor-blockquote__author\">ASA PALAVRA \u2022&nbsp;42 \u2022 2025<\/cite>\n\t\t\t\t\t\t\t\t\t\t\t\t\t\t<\/div>\n\t\t\t\t\t<\/blockquote>\n\t\t\t\t\t\t<\/div>\n\t\t\t\t<\/div>\n\t\t\t\t\t<\/div>\n\t\t\t\t<\/div>\n\t\t<div class=\"elementor-element elementor-element-8555838 e-flex e-con-boxed e-con e-parent\" data-id=\"8555838\" data-element_type=\"container\" data-e-type=\"container\">\n\t\t\t\t\t<div class=\"e-con-inner\">\n\t\t\t\t<div class=\"elementor-element elementor-element-c8a5313 elementor-widget elementor-widget-heading\" data-id=\"c8a5313\" data-element_type=\"widget\" data-e-type=\"widget\" data-widget_type=\"heading.default\">\n\t\t\t\t\t<h2 class=\"elementor-heading-title elementor-size-default\">Se\u00e7\u00e3o 01<\/h2>\t\t\t\t<\/div>\n\t\t\t\t<div class=\"elementor-element elementor-element-8f4f4f8 elementor-widget-divider--view-line elementor-widget elementor-widget-divider\" data-id=\"8f4f4f8\" data-element_type=\"widget\" data-e-type=\"widget\" data-widget_type=\"divider.default\">\n\t\t\t\t\t\t\t<div class=\"elementor-divider\">\n\t\t\t<span class=\"elementor-divider-separator\">\n\t\t\t\t\t\t<\/span>\n\t\t<\/div>\n\t\t\t\t\t\t<\/div>\n\t\t\t\t\t<\/div>\n\t\t\t\t<\/div>\n\t\t<div class=\"elementor-element elementor-element-f07f711 e-flex e-con-boxed e-con e-parent\" data-id=\"f07f711\" data-element_type=\"container\" data-e-type=\"container\" data-settings=\"{&quot;background_background&quot;:&quot;classic&quot;}\">\n\t\t\t\t\t<div class=\"e-con-inner\">\n\t\t\t\t<div class=\"elementor-element elementor-element-485c0f3 elementor-grid-3 elementor-grid-tablet-2 elementor-grid-mobile-1 elementor-posts--thumbnail-top elementor-widget elementor-widget-posts\" data-id=\"485c0f3\" data-element_type=\"widget\" data-e-type=\"widget\" data-settings=\"{&quot;classic_row_gap&quot;:{&quot;unit&quot;:&quot;px&quot;,&quot;size&quot;:28,&quot;sizes&quot;:[]},&quot;classic_columns&quot;:&quot;3&quot;,&quot;classic_columns_tablet&quot;:&quot;2&quot;,&quot;classic_columns_mobile&quot;:&quot;1&quot;,&quot;classic_row_gap_tablet&quot;:{&quot;unit&quot;:&quot;px&quot;,&quot;size&quot;:&quot;&quot;,&quot;sizes&quot;:[]},&quot;classic_row_gap_mobile&quot;:{&quot;unit&quot;:&quot;px&quot;,&quot;size&quot;:&quot;&quot;,&quot;sizes&quot;:[]}}\" data-widget_type=\"posts.classic\">\n\t\t\t\t<div class=\"elementor-widget-container\">\n\t\t\t\t\t\t\t<div class=\"elementor-posts-container elementor-posts elementor-posts--skin-classic elementor-grid\" role=\"list\">\n\t\t\t\t<article class=\"elementor-post elementor-grid-item post-21 post type-post status-publish format-standard hentry category-ed-42-2025 category-secao-01\" role=\"listitem\">\n\t\t\t\t<div class=\"elementor-post__text\">\n\t\t\t\t<h3 class=\"elementor-post__title\">\n\t\t\t<a href=\"https:\/\/asapalavra.com.br\/ed42\/liberdade-de-expressao-e-responsabilizacao-penal-limites-constitucionais-e-jurisprudencia-atual\/\" >\n\t\t\t\tLIBERDADE DE EXPRESS\u00c3O E RESPONSABILIZA\u00c7\u00c3O PENAL: LIMITES CONSTITUCIONAIS E JURISPRUD\u00caNCIA ATUAL\t\t\t<\/a>\n\t\t<\/h3>\n\t\t\t\t<div class=\"elementor-post__excerpt\">\n\t\t\t<p>Nos \u00faltimos anos, o Brasil foi acusado n\u00e3o apenas por muitos de seus cidad\u00e3os, mas tamb\u00e9m por pessoas de outras nacionalidades, de viola\u00e7\u00f5es ao direito \u00e0 liberdade de express\u00e3o. <\/p>\n\t\t<\/div>\n\t\t\n\t\t<a class=\"elementor-post__read-more\" href=\"https:\/\/asapalavra.com.br\/ed42\/liberdade-de-expressao-e-responsabilizacao-penal-limites-constitucionais-e-jurisprudencia-atual\/\" aria-label=\"Leia mais sobre LIBERDADE DE EXPRESS\u00c3O E RESPONSABILIZA\u00c7\u00c3O PENAL: LIMITES CONSTITUCIONAIS E JURISPRUD\u00caNCIA ATUAL\" tabindex=\"-1\" >\n\t\t\tLeia mais \u00bb\t\t<\/a>\n\n\t\t\t\t<\/div>\n\t\t\t\t<\/article>\n\t\t\t\t<article class=\"elementor-post elementor-grid-item post-17 post type-post status-publish format-standard hentry category-ed-42-2025 category-secao-01\" role=\"listitem\">\n\t\t\t\t<div class=\"elementor-post__text\">\n\t\t\t\t<h3 class=\"elementor-post__title\">\n\t\t\t<a href=\"https:\/\/asapalavra.com.br\/ed42\/desafios-e-deficiencias-da-assistencia-do-estado-as-criancas-nascidas-no-carcere\/\" >\n\t\t\t\tDESAFIOS E DEFICI\u00caNCIAS DA ASSIST\u00caNCIA DO ESTADO \u00c0S CRIAN\u00c7AS NASCIDAS NO C\u00c1RCERE\t\t\t<\/a>\n\t\t<\/h3>\n\t\t\t\t<div class=\"elementor-post__excerpt\">\n\t\t\t<p>No Brasil, aproximadamente 46% das mulheres em regime de pris\u00e3o s\u00e3o m\u00e3es, com cerca de 119 beb\u00eas presentes em estabelecimentos penais. Apesar da exist\u00eancia de pol\u00edticas p\u00fablicas para amparar gestantes, parturientes e lactantes, essas medidas ainda s\u00e3o insuficientes na pr\u00e1tica.<\/p>\n\t\t<\/div>\n\t\t\n\t\t<a class=\"elementor-post__read-more\" href=\"https:\/\/asapalavra.com.br\/ed42\/desafios-e-deficiencias-da-assistencia-do-estado-as-criancas-nascidas-no-carcere\/\" aria-label=\"Leia mais sobre DESAFIOS E DEFICI\u00caNCIAS DA ASSIST\u00caNCIA DO ESTADO \u00c0S CRIAN\u00c7AS NASCIDAS NO C\u00c1RCERE\" tabindex=\"-1\" >\n\t\t\tLeia mais \u00bb\t\t<\/a>\n\n\t\t\t\t<\/div>\n\t\t\t\t<\/article>\n\t\t\t\t<article class=\"elementor-post elementor-grid-item post-1 post type-post status-publish format-standard hentry category-ed-42-2025 category-secao-01\" role=\"listitem\">\n\t\t\t\t<div class=\"elementor-post__text\">\n\t\t\t\t<h3 class=\"elementor-post__title\">\n\t\t\t<a href=\"https:\/\/asapalavra.com.br\/ed42\/a-emergencia-o-desenvolvimento-e-a-maturacao-do-pcc-primeiro-comando-da-capital-uma-faccao-alem-do-alcance\/\" >\n\t\t\t\tA EMERG\u00caNCIA, O DESENVOLVIMENTO E A MATURA\u00c7\u00c3O DO PCC (PRIMEIRO COMANDO DA CAPITAL). UMA FAC\u00c7\u00c3O AL\u00c9M DO ALCANCE\t\t\t<\/a>\n\t\t<\/h3>\n\t\t\t\t<div class=\"elementor-post__excerpt\">\n\t\t\t<p>Este artigo trata do impacto das organiza\u00e7\u00f5es criminosas na seguran\u00e7a p\u00fablica, mas tamb\u00e9m destaca a influ\u00eancia do cen\u00e1rio das pol\u00edticas p\u00fablicas de seguran\u00e7a na apari\u00e7\u00e3o e desenvolvimento destas mesmas organiza\u00e7\u00f5es criminosas. Com foco no caso do Primeiro Comando da Capital. <\/p>\n\t\t<\/div>\n\t\t\n\t\t<a class=\"elementor-post__read-more\" href=\"https:\/\/asapalavra.com.br\/ed42\/a-emergencia-o-desenvolvimento-e-a-maturacao-do-pcc-primeiro-comando-da-capital-uma-faccao-alem-do-alcance\/\" aria-label=\"Leia mais sobre A EMERG\u00caNCIA, O DESENVOLVIMENTO E A MATURA\u00c7\u00c3O DO PCC (PRIMEIRO COMANDO DA CAPITAL). UMA FAC\u00c7\u00c3O AL\u00c9M DO ALCANCE\" tabindex=\"-1\" >\n\t\t\tLeia mais \u00bb\t\t<\/a>\n\n\t\t\t\t<\/div>\n\t\t\t\t<\/article>\n\t\t\t\t<\/div>\n\t\t\n\t\t\t\t\t\t<\/div>\n\t\t\t\t<\/div>\n\t\t\t\t\t<\/div>\n\t\t\t\t<\/div>\n\t\t<div class=\"elementor-element elementor-element-d431bc1 e-flex e-con-boxed e-con e-parent\" data-id=\"d431bc1\" data-element_type=\"container\" data-e-type=\"container\" data-settings=\"{&quot;background_background&quot;:&quot;classic&quot;}\">\n\t\t\t\t\t<div class=\"e-con-inner\">\n\t\t\t\t<div class=\"elementor-element elementor-element-44fd3a0 elementor-widget elementor-widget-heading\" data-id=\"44fd3a0\" data-element_type=\"widget\" data-e-type=\"widget\" data-widget_type=\"heading.default\">\n\t\t\t\t\t<h2 class=\"elementor-heading-title elementor-size-default\">Se\u00e7\u00e3o 02<\/h2>\t\t\t\t<\/div>\n\t\t\t\t<div class=\"elementor-element elementor-element-4b2b09b elementor-widget-divider--view-line elementor-widget elementor-widget-divider\" data-id=\"4b2b09b\" data-element_type=\"widget\" data-e-type=\"widget\" data-widget_type=\"divider.default\">\n\t\t\t\t\t\t\t<div class=\"elementor-divider\">\n\t\t\t<span class=\"elementor-divider-separator\">\n\t\t\t\t\t\t<\/span>\n\t\t<\/div>\n\t\t\t\t\t\t<\/div>\n\t\t\t\t\t<\/div>\n\t\t\t\t<\/div>\n\t\t<div class=\"elementor-element elementor-element-fa08fa5 e-flex e-con-boxed e-con e-parent\" data-id=\"fa08fa5\" data-element_type=\"container\" data-e-type=\"container\" data-settings=\"{&quot;background_background&quot;:&quot;classic&quot;}\">\n\t\t\t\t\t<div class=\"e-con-inner\">\n\t\t\t\t<div class=\"elementor-element elementor-element-4d59b05 elementor-posts--thumbnail-none elementor-grid-3 elementor-grid-tablet-2 elementor-grid-mobile-1 elementor-widget elementor-widget-posts\" data-id=\"4d59b05\" data-element_type=\"widget\" data-e-type=\"widget\" data-settings=\"{&quot;classic_row_gap&quot;:{&quot;unit&quot;:&quot;px&quot;,&quot;size&quot;:28,&quot;sizes&quot;:[]},&quot;classic_columns&quot;:&quot;3&quot;,&quot;classic_columns_tablet&quot;:&quot;2&quot;,&quot;classic_columns_mobile&quot;:&quot;1&quot;,&quot;classic_row_gap_tablet&quot;:{&quot;unit&quot;:&quot;px&quot;,&quot;size&quot;:&quot;&quot;,&quot;sizes&quot;:[]},&quot;classic_row_gap_mobile&quot;:{&quot;unit&quot;:&quot;px&quot;,&quot;size&quot;:&quot;&quot;,&quot;sizes&quot;:[]}}\" data-widget_type=\"posts.classic\">\n\t\t\t\t<div class=\"elementor-widget-container\">\n\t\t\t\t\t\t\t<div class=\"elementor-posts-container elementor-posts elementor-posts--skin-classic elementor-grid\" role=\"list\">\n\t\t\t\t<article class=\"elementor-post elementor-grid-item post-111 post type-post status-publish format-standard hentry category-ed-42-2025 category-secao-02\" role=\"listitem\">\n\t\t\t\t<div class=\"elementor-post__text\">\n\t\t\t\t<h3 class=\"elementor-post__title\">\n\t\t\t<a href=\"https:\/\/asapalavra.com.br\/ed42\/acolhimento-e-humanizacao-no-atendimento-odontologico-uma-revisao-de-literatura\/\" >\n\t\t\t\tACOLHIMENTO E HUMANIZA\u00c7\u00c3O NO ATENDIMENTO ODONTOL\u00d3GICO: UMA REVIS\u00c3O DE LITERATURA\t\t\t<\/a>\n\t\t<\/h3>\n\t\t\t\t<div class=\"elementor-post__excerpt\">\n\t\t\t<p>A humaniza\u00e7\u00e3o, o acolhimento e o investimento no bem-estar do paciente v\u00eam sendo objeto de grande interesse a ponto do Minist\u00e9rio da Sa\u00fade elencar a humaniza\u00e7\u00e3o dos servi\u00e7os de sa\u00fade como um de seus programas priorit\u00e1rios. <\/p>\n\t\t<\/div>\n\t\t\n\t\t<a class=\"elementor-post__read-more\" href=\"https:\/\/asapalavra.com.br\/ed42\/acolhimento-e-humanizacao-no-atendimento-odontologico-uma-revisao-de-literatura\/\" aria-label=\"Leia mais sobre ACOLHIMENTO E HUMANIZA\u00c7\u00c3O NO ATENDIMENTO ODONTOL\u00d3GICO: UMA REVIS\u00c3O DE LITERATURA\" tabindex=\"-1\" >\n\t\t\tLeia mais \u00bb\t\t<\/a>\n\n\t\t\t\t<\/div>\n\t\t\t\t<\/article>\n\t\t\t\t<article class=\"elementor-post elementor-grid-item post-105 post type-post status-publish format-standard hentry category-ed-42-2025 category-secao-02\" role=\"listitem\">\n\t\t\t\t<div class=\"elementor-post__text\">\n\t\t\t\t<h3 class=\"elementor-post__title\">\n\t\t\t<a href=\"https:\/\/asapalavra.com.br\/ed42\/pela-justicializacao-do-direito-a-saude-no-brasil\/\" >\n\t\t\t\tPELA JUSTICIALIZA\u00c7\u00c3O DO DIREITO \u00c0 SA\u00daDE NO BRASIL\t\t\t<\/a>\n\t\t<\/h3>\n\t\t\t\t<div class=\"elementor-post__excerpt\">\n\t\t\t<p>Partindo de um caso ver\u00eddico na seara da busca pelo direito a sa\u00fade, vivenciado por um dos autores, o presente artigo, a partir de sucinto levantamento bibliogr\u00e1fico, apresenta os conceitos de judicializa\u00e7\u00e3o, relacionado a dimens\u00e3o processual forense na busca de direitos humanos negligenciados pelo Estado, e justicializa\u00e7\u00e3o, posi\u00e7\u00e3o \u00e9tica por uma justi\u00e7a efetiva e sens\u00edvel \u00e0 dignidade humana, destacando a sua distin\u00e7\u00e3o.<\/p>\n\t\t<\/div>\n\t\t\n\t\t<a class=\"elementor-post__read-more\" href=\"https:\/\/asapalavra.com.br\/ed42\/pela-justicializacao-do-direito-a-saude-no-brasil\/\" aria-label=\"Leia mais sobre PELA JUSTICIALIZA\u00c7\u00c3O DO DIREITO \u00c0 SA\u00daDE NO BRASIL\" tabindex=\"-1\" >\n\t\t\tLeia mais \u00bb\t\t<\/a>\n\n\t\t\t\t<\/div>\n\t\t\t\t<\/article>\n\t\t\t\t<article class=\"elementor-post elementor-grid-item post-99 post type-post status-publish format-standard hentry category-ed-42-2025 category-secao-02\" role=\"listitem\">\n\t\t\t\t<div class=\"elementor-post__text\">\n\t\t\t\t<h3 class=\"elementor-post__title\">\n\t\t\t<a href=\"https:\/\/asapalavra.com.br\/ed42\/alem-do-foco-estrategias-e-abordagens-de-enfermagem-que-impactam-na-adesao-ao-tratamento-em-idosos-diabeticos-que-moram-sozinhos\/\" >\n\t\t\t\tAL\u00c9M DO FOCO: ESTRAT\u00c9GIAS E ABORDAGENS DE ENFERMAGEM QUE IMPACTAM NA ADES\u00c3O AO TRATAMENTO EM IDOSOS DIAB\u00c9TICOS QUE MORAM SOZINHOS\t\t\t<\/a>\n\t\t<\/h3>\n\t\t\t\t<div class=\"elementor-post__excerpt\">\n\t\t\t<p>A diabetes tipo 2 \u00e9 uma doen\u00e7a cr\u00f4nica que demanda cuidados di\u00e1rios, por\u00e9m os idosos diab\u00e9ticos que vivem sozinhos apresentam dificuldades para realiza\u00e7\u00e3o desses cuidados.<\/p>\n\t\t<\/div>\n\t\t\n\t\t<a class=\"elementor-post__read-more\" href=\"https:\/\/asapalavra.com.br\/ed42\/alem-do-foco-estrategias-e-abordagens-de-enfermagem-que-impactam-na-adesao-ao-tratamento-em-idosos-diabeticos-que-moram-sozinhos\/\" aria-label=\"Leia mais sobre AL\u00c9M DO FOCO: ESTRAT\u00c9GIAS E ABORDAGENS DE ENFERMAGEM QUE IMPACTAM NA ADES\u00c3O AO TRATAMENTO EM IDOSOS DIAB\u00c9TICOS QUE MORAM SOZINHOS\" tabindex=\"-1\" >\n\t\t\tLeia mais \u00bb\t\t<\/a>\n\n\t\t\t\t<\/div>\n\t\t\t\t<\/article>\n\t\t\t\t<\/div>\n\t\t\n\t\t\t\t\t\t<\/div>\n\t\t\t\t<\/div>\n\t\t\t\t\t<\/div>\n\t\t\t\t<\/div>\n\t\t<div class=\"elementor-element elementor-element-3b2f649 e-flex e-con-boxed e-con e-parent\" data-id=\"3b2f649\" data-element_type=\"container\" data-e-type=\"container\">\n\t\t\t\t\t<div class=\"e-con-inner\">\n\t\t\t\t<div class=\"elementor-element elementor-element-d9f8f5b elementor-widget elementor-widget-heading\" data-id=\"d9f8f5b\" data-element_type=\"widget\" data-e-type=\"widget\" data-widget_type=\"heading.default\">\n\t\t\t\t\t<h2 class=\"elementor-heading-title elementor-size-default\">Se\u00e7\u00e3o 03<\/h2>\t\t\t\t<\/div>\n\t\t\t\t<div class=\"elementor-element elementor-element-74799d2 elementor-widget-divider--view-line elementor-widget elementor-widget-divider\" data-id=\"74799d2\" data-element_type=\"widget\" data-e-type=\"widget\" data-widget_type=\"divider.default\">\n\t\t\t\t\t\t\t<div class=\"elementor-divider\">\n\t\t\t<span class=\"elementor-divider-separator\">\n\t\t\t\t\t\t<\/span>\n\t\t<\/div>\n\t\t\t\t\t\t<\/div>\n\t\t\t\t\t<\/div>\n\t\t\t\t<\/div>\n\t\t<div class=\"elementor-element elementor-element-f5b5e21 e-flex e-con-boxed e-con e-parent\" data-id=\"f5b5e21\" data-element_type=\"container\" data-e-type=\"container\">\n\t\t\t\t\t<div class=\"e-con-inner\">\n\t\t\t\t<div class=\"elementor-element elementor-element-fc58ad0 elementor-grid-2 elementor-grid-tablet-2 elementor-grid-mobile-1 elementor-posts--thumbnail-top elementor-widget elementor-widget-posts\" data-id=\"fc58ad0\" data-element_type=\"widget\" data-e-type=\"widget\" data-settings=\"{&quot;classic_columns&quot;:&quot;2&quot;,&quot;classic_row_gap&quot;:{&quot;unit&quot;:&quot;px&quot;,&quot;size&quot;:28,&quot;sizes&quot;:[]},&quot;classic_columns_tablet&quot;:&quot;2&quot;,&quot;classic_columns_mobile&quot;:&quot;1&quot;,&quot;classic_row_gap_tablet&quot;:{&quot;unit&quot;:&quot;px&quot;,&quot;size&quot;:&quot;&quot;,&quot;sizes&quot;:[]},&quot;classic_row_gap_mobile&quot;:{&quot;unit&quot;:&quot;px&quot;,&quot;size&quot;:&quot;&quot;,&quot;sizes&quot;:[]}}\" data-widget_type=\"posts.classic\">\n\t\t\t\t<div class=\"elementor-widget-container\">\n\t\t\t\t\t\t\t<div class=\"elementor-posts-container elementor-posts elementor-posts--skin-classic elementor-grid\" role=\"list\">\n\t\t\t\t<article class=\"elementor-post elementor-grid-item post-119 post type-post status-publish format-standard hentry category-ed-42-2025 category-secao-03\" role=\"listitem\">\n\t\t\t\t<div class=\"elementor-post__text\">\n\t\t\t\t<h3 class=\"elementor-post__title\">\n\t\t\t<a href=\"https:\/\/asapalavra.com.br\/ed42\/o-historico-conflito-entre-ecologia-e-mineracao-no-quadrilatero-ferrifero-mg-um-panorama-de-ameacas-ao-patrimonio-e-as-paisagens-adjacentes-ao-museu-de-arte-contemporanea-inhotim-brumadinho-mg\/\" >\n\t\t\t\tO HIST\u00d3RICO CONFLITO ENTRE ECOLOGIA E MINERA\u00c7\u00c3O NO QUADRIL\u00c1TERO FERR\u00cdFERO &#8211; MG: Um panorama de amea\u00e7as ao patrim\u00f4nio e \u00e0s paisagens adjacentes ao Museu de Arte Contempor\u00e2nea Inhotim (Brumadinho-MG)\t\t\t<\/a>\n\t\t<\/h3>\n\t\t\t\t<div class=\"elementor-post__excerpt\">\n\t\t\t<p>O presente trabalho, visa discutir a import\u00e2ncia do Jardim Bot\u00e2nico e a Museu de Arte Contempor\u00e2nea de Inhotim, no estado de MG, inserindo no contexto do Quadril\u00e1tero Ferr\u00edfero e discute impactos nas adjac\u00eancias. <\/p>\n\t\t<\/div>\n\t\t\n\t\t<a class=\"elementor-post__read-more\" href=\"https:\/\/asapalavra.com.br\/ed42\/o-historico-conflito-entre-ecologia-e-mineracao-no-quadrilatero-ferrifero-mg-um-panorama-de-ameacas-ao-patrimonio-e-as-paisagens-adjacentes-ao-museu-de-arte-contemporanea-inhotim-brumadinho-mg\/\" aria-label=\"Leia mais sobre O HIST\u00d3RICO CONFLITO ENTRE ECOLOGIA E MINERA\u00c7\u00c3O NO QUADRIL\u00c1TERO FERR\u00cdFERO &#8211; MG: Um panorama de amea\u00e7as ao patrim\u00f4nio e \u00e0s paisagens adjacentes ao Museu de Arte Contempor\u00e2nea Inhotim (Brumadinho-MG)\" tabindex=\"-1\" >\n\t\t\tLeia mais \u00bb\t\t<\/a>\n\n\t\t\t\t<\/div>\n\t\t\t\t<\/article>\n\t\t\t\t<article class=\"elementor-post elementor-grid-item post-116 post type-post status-publish format-standard hentry category-ed-42-2025 category-secao-03\" role=\"listitem\">\n\t\t\t\t<div class=\"elementor-post__text\">\n\t\t\t\t<h3 class=\"elementor-post__title\">\n\t\t\t<a href=\"https:\/\/asapalavra.com.br\/ed42\/capitao-custodio-da-silva-moreira-um-estudo-sobre-patrimonio-e-poder-no-brumado-do-seculo-xix\/\" >\n\t\t\t\tCAPIT\u00c3O CUST\u00d3DIO DA SILVA MOREIRA &#8211; UM ESTUDO SOBRE PATRIM\u00d4NIO E PODER NO BRUMADO DO S\u00c9CULO XIX\t\t\t<\/a>\n\t\t<\/h3>\n\t\t\t\t<div class=\"elementor-post__excerpt\">\n\t\t\t<p>O presente artigo destina-se a analisar os dados existentes sobre a vida do capit\u00e3o Cust\u00f3dio da Silva Moreira e tra\u00e7ar um paralelo entre a vida de um cidad\u00e3o do per\u00edodo oitocentista, permitindo conhecer melhor como era a vida dos cidad\u00e3os que residiam no interior do imp\u00e9rio portugu\u00eas e no nascente imp\u00e9rio brasileiro<\/p>\n\t\t<\/div>\n\t\t\n\t\t<a class=\"elementor-post__read-more\" href=\"https:\/\/asapalavra.com.br\/ed42\/capitao-custodio-da-silva-moreira-um-estudo-sobre-patrimonio-e-poder-no-brumado-do-seculo-xix\/\" aria-label=\"Leia mais sobre CAPIT\u00c3O CUST\u00d3DIO DA SILVA MOREIRA &#8211; UM ESTUDO SOBRE PATRIM\u00d4NIO E PODER NO BRUMADO DO S\u00c9CULO XIX\" tabindex=\"-1\" >\n\t\t\tLeia mais \u00bb\t\t<\/a>\n\n\t\t\t\t<\/div>\n\t\t\t\t<\/article>\n\t\t\t\t<\/div>\n\t\t\n\t\t\t\t\t\t<\/div>\n\t\t\t\t<\/div>\n\t\t\t\t\t<\/div>\n\t\t\t\t<\/div>\n\t\t<div class=\"elementor-element elementor-element-f133e0d e-flex e-con-boxed e-con e-parent\" data-id=\"f133e0d\" data-element_type=\"container\" data-e-type=\"container\" data-settings=\"{&quot;background_background&quot;:&quot;classic&quot;}\">\n\t\t\t\t\t<div class=\"e-con-inner\">\n\t\t\t\t<div class=\"elementor-element elementor-element-83a9b62 elementor-widget elementor-widget-heading\" data-id=\"83a9b62\" data-element_type=\"widget\" data-e-type=\"widget\" data-widget_type=\"heading.default\">\n\t\t\t\t\t<h2 class=\"elementor-heading-title elementor-size-default\">Se\u00e7\u00e3o 04<\/h2>\t\t\t\t<\/div>\n\t\t\t\t<div class=\"elementor-element elementor-element-4550206 elementor-widget-divider--view-line elementor-widget elementor-widget-divider\" data-id=\"4550206\" data-element_type=\"widget\" data-e-type=\"widget\" data-widget_type=\"divider.default\">\n\t\t\t\t\t\t\t<div class=\"elementor-divider\">\n\t\t\t<span class=\"elementor-divider-separator\">\n\t\t\t\t\t\t<\/span>\n\t\t<\/div>\n\t\t\t\t\t\t<\/div>\n\t\t\t\t\t<\/div>\n\t\t\t\t<\/div>\n\t\t<div class=\"elementor-element elementor-element-5064cb2 e-flex e-con-boxed e-con e-parent\" data-id=\"5064cb2\" data-element_type=\"container\" data-e-type=\"container\" data-settings=\"{&quot;background_background&quot;:&quot;classic&quot;}\">\n\t\t\t\t\t<div class=\"e-con-inner\">\n\t\t\t\t<div class=\"elementor-element elementor-element-4a8ab25 elementor-grid-2 elementor-posts--thumbnail-none elementor-grid-tablet-2 elementor-grid-mobile-1 elementor-widget elementor-widget-posts\" data-id=\"4a8ab25\" data-element_type=\"widget\" data-e-type=\"widget\" data-settings=\"{&quot;classic_columns&quot;:&quot;2&quot;,&quot;classic_row_gap&quot;:{&quot;unit&quot;:&quot;px&quot;,&quot;size&quot;:28,&quot;sizes&quot;:[]},&quot;classic_columns_tablet&quot;:&quot;2&quot;,&quot;classic_columns_mobile&quot;:&quot;1&quot;,&quot;classic_row_gap_tablet&quot;:{&quot;unit&quot;:&quot;px&quot;,&quot;size&quot;:&quot;&quot;,&quot;sizes&quot;:[]},&quot;classic_row_gap_mobile&quot;:{&quot;unit&quot;:&quot;px&quot;,&quot;size&quot;:&quot;&quot;,&quot;sizes&quot;:[]}}\" data-widget_type=\"posts.classic\">\n\t\t\t\t<div class=\"elementor-widget-container\">\n\t\t\t\t\t\t\t<div class=\"elementor-posts-container elementor-posts elementor-posts--skin-classic elementor-grid\" role=\"list\">\n\t\t\t\t<article class=\"elementor-post elementor-grid-item post-125 post type-post status-publish format-standard hentry category-ed-42-2025 category-secao-03-ed-42-2025\" role=\"listitem\">\n\t\t\t\t<div class=\"elementor-post__text\">\n\t\t\t\t<h3 class=\"elementor-post__title\">\n\t\t\t<a href=\"https:\/\/asapalavra.com.br\/ed42\/liberdade-de-empresa-e-a-razao-de-estado-contemporanea\/\" >\n\t\t\t\tLIBERDADE DE EMPRESA E A RAZ\u00c3O DE ESTADO CONTEMPOR\u00c2NEA\t\t\t<\/a>\n\t\t<\/h3>\n\t\t\t\t<div class=\"elementor-post__excerpt\">\n\t\t\t<p>A Raz\u00e3o de Estado no S\u00e9culo XXI exige que a lideran\u00e7a tenha a sensibilidade de favorecer o empreendedorismo nacional e internacional.<\/p>\n\t\t<\/div>\n\t\t\n\t\t<a class=\"elementor-post__read-more\" href=\"https:\/\/asapalavra.com.br\/ed42\/liberdade-de-empresa-e-a-razao-de-estado-contemporanea\/\" aria-label=\"Leia mais sobre LIBERDADE DE EMPRESA E A RAZ\u00c3O DE ESTADO CONTEMPOR\u00c2NEA\" tabindex=\"-1\" >\n\t\t\tLeia mais \u00bb\t\t<\/a>\n\n\t\t\t\t<\/div>\n\t\t\t\t<\/article>\n\t\t\t\t<article class=\"elementor-post elementor-grid-item post-122 post type-post status-publish format-standard hentry category-ed-42-2025 category-secao-03-ed-42-2025\" role=\"listitem\">\n\t\t\t\t<div class=\"elementor-post__text\">\n\t\t\t\t<h3 class=\"elementor-post__title\">\n\t\t\t<a href=\"https:\/\/asapalavra.com.br\/ed42\/direito-a-desconexao-o-desrespeito-ao-limite-de-tempo-no-trabalho-e-sua-influencia-no-direito-do-trabalho\/\" >\n\t\t\t\tDIREITO \u00c0 DESCONEX\u00c3O: O DESRESPEITO AO LIMITE DE TEMPO NO TRABALHO E SUA INFLU\u00caNCIA NO DIREITO DO TRABALHO\t\t\t<\/a>\n\t\t<\/h3>\n\t\t\t\t<div class=\"elementor-post__excerpt\">\n\t\t\t<p>A forma de trabalho sofreu altera\u00e7\u00e3o assim como os ambientes em que o trabalhador exerce suas fun\u00e7\u00f5es, a evolu\u00e7\u00e3o trouxe consigo a mudan\u00e7a nos equipamentos de trabalho e na comunica\u00e7\u00e3o, a facilidade de estar dispon\u00edvel em qualquer hor\u00e1rio, local e ser facilmente acionado a qualquer instante<\/p>\n\t\t<\/div>\n\t\t\n\t\t<a class=\"elementor-post__read-more\" href=\"https:\/\/asapalavra.com.br\/ed42\/direito-a-desconexao-o-desrespeito-ao-limite-de-tempo-no-trabalho-e-sua-influencia-no-direito-do-trabalho\/\" aria-label=\"Leia mais sobre DIREITO \u00c0 DESCONEX\u00c3O: O DESRESPEITO AO LIMITE DE TEMPO NO TRABALHO E SUA INFLU\u00caNCIA NO DIREITO DO TRABALHO\" tabindex=\"-1\" >\n\t\t\tLeia mais \u00bb\t\t<\/a>\n\n\t\t\t\t<\/div>\n\t\t\t\t<\/article>\n\t\t\t\t<\/div>\n\t\t\n\t\t\t\t\t\t<\/div>\n\t\t\t\t<\/div>\n\t\t\t\t\t<\/div>\n\t\t\t\t<\/div>\n\t\t<div class=\"elementor-element elementor-element-20fa53a e-flex e-con-boxed e-con e-parent\" data-id=\"20fa53a\" data-element_type=\"container\" data-e-type=\"container\" id=\"apresentacao\">\n\t\t\t\t\t<div class=\"e-con-inner\">\n\t\t<div class=\"elementor-element elementor-element-53320ec e-con-full e-flex e-con e-child\" data-id=\"53320ec\" data-element_type=\"container\" data-e-type=\"container\">\n\t\t\t\t<div class=\"elementor-element elementor-element-1c19b41 elementor-widget elementor-widget-heading\" data-id=\"1c19b41\" data-element_type=\"widget\" data-e-type=\"widget\" data-widget_type=\"heading.default\">\n\t\t\t\t\t<h2 class=\"elementor-heading-title elementor-size-default\">Apresenta\u00e7\u00e3o<\/h2>\t\t\t\t<\/div>\n\t\t\t\t<div class=\"elementor-element elementor-element-9bcde29 elementor-widget elementor-widget-text-editor\" data-id=\"9bcde29\" data-element_type=\"widget\" data-e-type=\"widget\" data-widget_type=\"text-editor.default\">\n\t\t\t\t\t\t\t\t\t<p>Guerras que parecem sem sentido, d\u00favidas infundadas sobre o conhecimento cient\u00edfico, situa\u00e7\u00f5es\u00a0cotidianas que parecem escapar \u00e0 normalidade&#8230;<\/p><p>Tempos inst\u00e1veis parecem prevalecer no presente,\u00a0deixando o futuro como uma inc\u00f3gnita. A raz\u00e3o daqueles que teriam o poder de fazer o bem\u00a0para muitos parece dormir, abrir espa\u00e7o para desejos de poder de poucos em detrimento da piora do\u00a0bem-estar da maioria. Tempos assim antecedem momentos de profundas transforma\u00e7\u00f5es. El sueno de La razon produce\u00a0monstruos, que parece ser uma constata\u00e7\u00e3o de Francisco Goya para a virada do s\u00e9culo XVIII para o\u00a0XIX, momento de efusivas revolu\u00e7\u00f5es, parece ecoar em nossos tempos vividos. A raz\u00e3o instrumentalizada\u00a0para poucos parece afastar a humanidade da paz. Ecos de Goya parecem ecoar na can\u00e7\u00e3o Queremos Paz (tradu\u00e7\u00e3o de We Want Peace), do cantor estadunidense Lenny Kravitz, em parceria com o m\u00fasico\u00a0iraquiano Kazem Al-Sahir e da Palestina e L\u00edbano, lan\u00e7ada como protesto em um momento que se vivenciava\u00a0a emerg\u00eancia de conflitos globais, como a interven\u00e7\u00e3o internacional liderada pelos EUA sobre\u00a0o Iraque em 2003.<\/p><p>Tais momentos se assemelham ao momento que estamos vivenciando no mundo: muitas guerras\u00a0por falta de consenso entre lideran\u00e7as, com alto uso de tecnologias, afastando a humanidade da paz.<\/p><p>\u00c9 com esse tom de cr\u00edtica e em defesa de uma ci\u00eancia e tecnologia em favor do bem-estar e paz\u00a0da humanidade que essa edi\u00e7\u00e3o de Asa Palavra vem \u00e0 luz em meados de 2025. Sofia Martins Moreira Lopes Huener Silva Gon\u00e7alves<\/p>\t\t\t\t\t\t\t\t<\/div>\n\t\t\t\t<\/div>\n\t\t\t\t\t<\/div>\n\t\t\t\t<\/div>\n\t\t<div class=\"elementor-element elementor-element-9cf74b8 e-flex e-con-boxed e-con e-parent\" data-id=\"9cf74b8\" data-element_type=\"container\" data-e-type=\"container\" data-settings=\"{&quot;background_background&quot;:&quot;classic&quot;}\">\n\t\t\t\t\t<div class=\"e-con-inner\">\n\t\t\t\t<div class=\"elementor-element elementor-element-89f4bdf elementor-widget elementor-widget-heading\" data-id=\"89f4bdf\" data-element_type=\"widget\" data-e-type=\"widget\" data-widget_type=\"heading.default\">\n\t\t\t\t\t<h2 class=\"elementor-heading-title elementor-size-default\">QUEREMOS PAZ<\/h2>\t\t\t\t<\/div>\n\t\t\t\t<div class=\"elementor-element elementor-element-d219612 elementor-widget elementor-widget-text-editor\" data-id=\"d219612\" data-element_type=\"widget\" data-e-type=\"widget\" data-widget_type=\"text-editor.default\">\n\t\t\t\t\t\t\t\t\t(tradu\u00e7\u00e3o de We Want Peace &#8211; Lenny Kravitz. 2003)\n\t\t\t\t\t\t\t\t<\/div>\n\t\t\t\t<div class=\"elementor-element elementor-element-1917562 elementor-widget elementor-widget-text-editor\" data-id=\"1917562\" data-element_type=\"widget\" data-e-type=\"widget\" data-widget_type=\"text-editor.default\">\n\t\t\t\t\t\t\t\t\t<p class=\"p1\">Vamos l\u00e1, pessoal\n\u00c9 hora de nos unirmos\n\u00c9 hora da revolu\u00e7\u00e3o\nAqui est\u00e1, mais uma vez diante de n\u00f3s\nPor que n\u00e3o aprendemos com o nosso passado?\nEstamos na encruzilhada da ra\u00e7a humana\nPor que estamos nos destruindo?\nN\u00f3s queremos paz, queremos, sim\nN\u00f3s queremos paz, queremos, sim\nN\u00f3s queremos paz\nE queremos r\u00e1pido (refr\u00e3o x2)\nEstamos \u00e0s v\u00e9speras da destrui\u00e7\u00e3o, meus amigos\nEstamos prestes a chegarmos longe demais\nOs pol\u00edticos acham que a guerra \u00e9 o caminho\nMas n\u00f3s sabemos que o amor \u00e9 que tem o poder<\/p>\n<p class=\"p1\">(refr\u00e3o x2)<\/p>\n<p class=\"p1\">Oh, ooh, ooh, oh, oh\nOh, ooh, ooh, oh, oh\nA solu\u00e7\u00e3o \u00e9 simples e \u00f3bvia\nN\u00e3o haver\u00e1 paz se n\u00e3o tentarmos\nEm uma guerra, n\u00e3o h\u00e1 nada a ganhar\nQuando tantas pessoas morrer\u00e3o<\/p>\t\t\t\t\t\t\t\t<\/div>\n\t\t\t\t\t<\/div>\n\t\t\t\t<\/div>\n\t\t<div class=\"elementor-element elementor-element-0040175 e-grid e-con-boxed e-con e-parent\" data-id=\"0040175\" data-element_type=\"container\" data-e-type=\"container\" id=\"expediente\" data-settings=\"{&quot;background_background&quot;:&quot;classic&quot;}\">\n\t\t\t\t\t<div class=\"e-con-inner\">\n\t\t<div class=\"elementor-element elementor-element-c504ba9 e-con-full e-flex e-con e-child\" data-id=\"c504ba9\" data-element_type=\"container\" data-e-type=\"container\">\n\t\t\t\t<div class=\"elementor-element elementor-element-864a374 elementor-widget elementor-widget-heading\" data-id=\"864a374\" data-element_type=\"widget\" data-e-type=\"widget\" data-widget_type=\"heading.default\">\n\t\t\t\t\t<h2 class=\"elementor-heading-title elementor-size-default\">EXPEDIENTE<\/h2>\t\t\t\t<\/div>\n\t\t\t\t<\/div>\n\t\t\t\t\t<\/div>\n\t\t\t\t<\/div>\n\t\t<div class=\"elementor-element elementor-element-129c646 e-flex e-con-boxed e-con e-parent\" data-id=\"129c646\" data-element_type=\"container\" data-e-type=\"container\" data-settings=\"{&quot;background_background&quot;:&quot;classic&quot;}\">\n\t\t\t\t\t<div class=\"e-con-inner\">\n\t\t<div class=\"elementor-element elementor-element-13787db e-con-full e-flex e-con e-child\" data-id=\"13787db\" data-element_type=\"container\" data-e-type=\"container\">\n\t\t\t\t<div class=\"elementor-element elementor-element-bc6520b elementor-widget elementor-widget-text-editor\" data-id=\"bc6520b\" data-element_type=\"widget\" data-e-type=\"widget\" data-widget_type=\"text-editor.default\">\n\t\t\t\t\t\t\t\t\t<p class=\"p2\">\u00a9<br \/>Aiesa Ingred de F\u00e1tima<br \/>Alexandre Torido Brand\u00e3o<br \/>Aline Barbosa Moura<br \/>Ana Paula Gon\u00e7alves dos Reis<br \/>C\u00e1ssia Amanda da Silva Souza<br \/>Emile Caroline de Souza Ribeiro<br \/>Gustavo Maciel Barcelos<br \/>Huener Silva Gon\u00e7alves<br \/>Jean Lucas Pereira Reis<br \/>Jeferson Custodio Santos Vieira<br \/>Kelly Carolina Gon\u00e7alves Costa<br \/>Let\u00edcia da Silva Reis<br \/>Lucas de Azevedo Lima<br \/>L\u00facio Alves de Barros<br \/>Marcelo Moreno Gomes Lisboa<br \/>Pollyanna Oliveira Parreiras<br \/>Pedro Ivan dos Santos Ferreira<br \/>Rafael Tallarico<br \/>Rosane de Abreu<br \/>Sofia Martins Moreira Lopes<br \/>Vagner Luciano Coelho de Lima<br \/>Andrade<br \/>Victor Emmanuel Ferreira Silva<\/p><h4 class=\"p1\">Colaboradores\u00a0Textos<\/h4><p class=\"p2\">Aiesa Ingred de F\u00e1tima<br \/>Alexandre Torido Brand\u00e3o<\/p>\t\t\t\t\t\t\t\t<\/div>\n\t\t\t\t<\/div>\n\t\t<div class=\"elementor-element elementor-element-dd11198 e-con-full e-flex e-con e-child\" data-id=\"dd11198\" data-element_type=\"container\" data-e-type=\"container\">\n\t\t\t\t<div class=\"elementor-element elementor-element-09c07ab elementor-widget elementor-widget-text-editor\" data-id=\"09c07ab\" data-element_type=\"widget\" data-e-type=\"widget\" data-widget_type=\"text-editor.default\">\n\t\t\t\t\t\t\t\t\t<p class=\"p1\">Aline Barbosa Moura<br \/>Ana Paula Gon\u00e7alves dos Reis<br \/>C\u00e1ssia Amanda da Silva Souza<br \/>Emile Caroline de Souza Ribeiro<br \/>Gustavo Maciel Barcelos<br \/>Huener Silva Gon\u00e7alves<br \/>Jean Lucas Pereira Reis<br \/>Jeferson Custodio Santos Vieira<br \/>Kelly Carolina Gon\u00e7alves Costa<br \/>Let\u00edcia da Silva Reis<br \/>Lucas de Azevedo Lima<br \/>L\u00facio Alves de Barros<br \/>Marcelo Moreno Gomes Lisboa<br \/>Pollyanna Oliveira Parreiras<br \/>Pedro Ivan dos Santos Ferreira<br \/>Rafael Tallarico<br \/>Rosane de Abreu<br \/>Sofia Martins Moreira Lopes<br \/>Vagner Luciano Coelho de Lima<br \/>Andrade<br \/>Victor Emmanuel Ferreira Silva<\/p><h4 class=\"p1\">Organiza\u00e7\u00e3o e Coordena\u00e7\u00e3o Editorial<\/h4><p class=\"p2\">Sofia Martins Moreira Lopes \u2013 Doutora em Estudos Lingu\u00edsticos \u2013 professora universit\u00e1ria<\/p><p class=\"p3\">E-mail: sofiammoreira@gmail.com<\/p>\t\t\t\t\t\t\t\t<\/div>\n\t\t\t\t<\/div>\n\t\t<div class=\"elementor-element elementor-element-ccc7030 e-con-full e-flex e-con e-child\" data-id=\"ccc7030\" data-element_type=\"container\" data-e-type=\"container\">\n\t\t\t\t<div class=\"elementor-element elementor-element-a7c7a8d elementor-widget elementor-widget-text-editor\" data-id=\"a7c7a8d\" data-element_type=\"widget\" data-e-type=\"widget\" data-widget_type=\"text-editor.default\">\n\t\t\t\t\t\t\t\t\t<h4 class=\"p1\">Comiss\u00e3o Editorial<\/h4><p class=\"p2\">Sofia Martins Moreira Lopes<\/p><h4 class=\"p1\">Conselho Editorial<\/h4><p class=\"p2\">Huener Silva Gon\u00e7alves<br \/>L\u00facio Alves de Barros<br \/>Sofia Martins Moreira Lopes<\/p><h4 class=\"p1\">Revis\u00e3o Geral<\/h4><p class=\"p2\">Sofia Martins Moreira Lopes<\/p><h4 class=\"p1\">Revis\u00e3o Espec\u00edfica<\/h4><p class=\"p2\">Responsabilidade de cada autor<\/p><h4 class=\"p1\">Projeto Gr\u00e1fico<\/h4><p class=\"p2\">Cristina Ba\u00eda Marinho<\/p><h4 class=\"p1\">Concep\u00e7\u00e3o de capa e folhas de se\u00e7\u00e3o<\/h4><p class=\"p2\">Sofia Martins Moreira Lopes e Huener Silva Gon\u00e7alves<\/p>\t\t\t\t\t\t\t\t<\/div>\n\t\t\t\t<div class=\"elementor-element elementor-element-9ca306a elementor-widget elementor-widget-button\" data-id=\"9ca306a\" data-element_type=\"widget\" data-e-type=\"widget\" data-widget_type=\"button.default\">\n\t\t\t\t\t\t\t\t\t\t<a class=\"elementor-button elementor-button-link elementor-size-sm\" href=\"https:\/\/asapalavra.com.br\/ed42\/wp-content\/uploads\/2025\/07\/Asa-Palavra_42.pdf\" target=\"_blank\">\n\t\t\t\t\t\t<span class=\"elementor-button-content-wrapper\">\n\t\t\t\t\t\t\t\t\t<span class=\"elementor-button-text\">Baixe a revista completa<\/span>\n\t\t\t\t\t<\/span>\n\t\t\t\t\t<\/a>\n\t\t\t\t\t\t\t\t<\/div>\n\t\t\t\t<\/div>\n\t\t\t\t\t<\/div>\n\t\t\t\t<\/div>\n\t\t<div class=\"elementor-element elementor-element-f0b77af e-flex e-con-boxed e-con e-parent\" data-id=\"f0b77af\" data-element_type=\"container\" data-e-type=\"container\" id=\"edital\" data-settings=\"{&quot;background_background&quot;:&quot;classic&quot;}\">\n\t\t\t\t\t<div class=\"e-con-inner\">\n\t\t<div class=\"elementor-element elementor-element-a9cb516 e-con-full e-flex e-con e-child\" data-id=\"a9cb516\" data-element_type=\"container\" data-e-type=\"container\">\n\t\t\t\t<div class=\"elementor-element elementor-element-73e52be elementor-widget elementor-widget-heading\" data-id=\"73e52be\" data-element_type=\"widget\" data-e-type=\"widget\" data-widget_type=\"heading.default\">\n\t\t\t\t\t<h2 class=\"elementor-heading-title elementor-size-default\">Edital<\/h2>\t\t\t\t<\/div>\n\t\t\t\t<div class=\"elementor-element elementor-element-2440104 elementor-widget elementor-widget-text-editor\" data-id=\"2440104\" data-element_type=\"widget\" data-e-type=\"widget\" data-widget_type=\"text-editor.default\">\n\t\t\t\t\t\t\t\t\t<div class=\"wpb_text_column wpb_content_element \"><div class=\"wpb_wrapper\"><p>A Revista Asa Palavra convida autores, autoras e interessados em enviarem seus textos para a pr\u00f3xima edi\u00e7\u00e3o.<\/p><p><strong data-start=\"275\" data-end=\"293\">Baixe o edital<\/strong> e confira todas as informa\u00e7\u00f5es para participar!<\/p><\/div><\/div>\t\t\t\t\t\t\t\t<\/div>\n\t\t\t\t<div class=\"elementor-element elementor-element-df5601d elementor-widget elementor-widget-button\" data-id=\"df5601d\" data-element_type=\"widget\" data-e-type=\"widget\" data-widget_type=\"button.default\">\n\t\t\t\t\t\t\t\t\t\t<a class=\"elementor-button elementor-button-link elementor-size-sm\" href=\"https:\/\/asapalavra.com.br\/ed42\/wp-content\/uploads\/2025\/11\/AsaPalavra-revista43.pdf\" target=\"_blank\">\n\t\t\t\t\t\t<span class=\"elementor-button-content-wrapper\">\n\t\t\t\t\t\t\t\t\t<span class=\"elementor-button-text\">BAIXAR EDITAL<\/span>\n\t\t\t\t\t<\/span>\n\t\t\t\t\t<\/a>\n\t\t\t\t\t\t\t\t<\/div>\n\t\t\t\t<\/div>\n\t\t<div class=\"elementor-element elementor-element-0d9542a e-con-full e-flex e-con e-child\" data-id=\"0d9542a\" data-element_type=\"container\" data-e-type=\"container\">\n\t\t\t\t<\/div>\n\t\t\t\t\t<\/div>\n\t\t\t\t<\/div>\n\t\t\t\t<\/div>\n\t\t","protected":false},"excerpt":{"rendered":"<p>Guerras que parecem sem sentido, d\u00favidas infundadas sobre o conhecimento cient\u00edfico, situa\u00e7\u00f5es\u00a0cotidianas que parecem escapar \u00e0 normalidade&#8230; ASA PALAVRA \u2022&nbsp;42 \u2022 2025 Se\u00e7\u00e3o 01 Se\u00e7\u00e3o 02 Se\u00e7\u00e3o 03 Se\u00e7\u00e3o 04 Apresenta\u00e7\u00e3o Guerras que parecem sem sentido, d\u00favidas infundadas sobre o conhecimento cient\u00edfico, situa\u00e7\u00f5es\u00a0cotidianas que parecem escapar \u00e0 normalidade&#8230; Tempos inst\u00e1veis parecem prevalecer no presente,\u00a0deixando o [&hellip;]<\/p>\n","protected":false},"author":1,"featured_media":0,"parent":0,"menu_order":0,"comment_status":"closed","ping_status":"open","template":"","meta":{"footnotes":""},"class_list":["post-2","page","type-page","status-publish","hentry"],"_links":{"self":[{"href":"https:\/\/asapalavra.com.br\/ed42\/wp-json\/wp\/v2\/pages\/2","targetHints":{"allow":["GET"]}}],"collection":[{"href":"https:\/\/asapalavra.com.br\/ed42\/wp-json\/wp\/v2\/pages"}],"about":[{"href":"https:\/\/asapalavra.com.br\/ed42\/wp-json\/wp\/v2\/types\/page"}],"author":[{"embeddable":true,"href":"https:\/\/asapalavra.com.br\/ed42\/wp-json\/wp\/v2\/users\/1"}],"replies":[{"embeddable":true,"href":"https:\/\/asapalavra.com.br\/ed42\/wp-json\/wp\/v2\/comments?post=2"}],"version-history":[{"count":151,"href":"https:\/\/asapalavra.com.br\/ed42\/wp-json\/wp\/v2\/pages\/2\/revisions"}],"predecessor-version":[{"id":386,"href":"https:\/\/asapalavra.com.br\/ed42\/wp-json\/wp\/v2\/pages\/2\/revisions\/386"}],"wp:attachment":[{"href":"https:\/\/asapalavra.com.br\/ed42\/wp-json\/wp\/v2\/media?parent=2"}],"curies":[{"name":"wp","href":"https:\/\/api.w.org\/{rel}","templated":true}]}}